{"id":2973,"date":"2026-03-12T12:42:13","date_gmt":"2026-03-12T11:42:13","guid":{"rendered":"https:\/\/www.rulieres.com\/?page_id=2973"},"modified":"2026-03-19T14:54:53","modified_gmt":"2026-03-19T13:54:53","slug":"cycling-and-walking-routes","status":"publish","type":"page","link":"https:\/\/www.rulieres.com\/en\/pistes-cyclables-et-randonnees\/","title":{"rendered":"Cycle paths and walks"},"content":{"rendered":"<div class=\"wp-block-stackable-columns stk-block-columns stk-block stk-4899280\" data-block-id=\"4899280\"><div class=\"stk-row stk-inner-blocks stk-block-content stk-content-align stk-4899280-column\">\n<div class=\"wp-block-stackable-column stk-block-column stk-column stk-block stk-2cf7242\" data-v=\"4\" data-block-id=\"2cf7242\"><div class=\"stk-column-wrapper stk-block-column__content stk-container stk-2cf7242-container stk--no-background stk--no-padding\"><div class=\"stk-block-content stk-inner-blocks stk-2cf7242-inner-blocks\">\n<div class=\"wp-block-stackable-text stk-block-text stk-block stk-fee8ede\" data-block-id=\"fee8ede\"><p class=\"stk-block-text__text translation-block\">The <strong>Camping Les Ruli\u00e8res<\/strong> is the ideal base for lovers of gentle roaming. Whether you're an experienced hiker or an amateur cyclist, our region offers an incredible <a href=\"https:\/\/www.rulieres.com\/en\/nature-and-discovery\/\" data-type=\"page\" data-id=\"957\" target=\"_self\">diversity of landscapes<\/a>, from the sunken lanes of the bocage to the dykes of the Marais Poitevin, via the forest tracks of the coast.<\/p><\/div>\n<\/div><\/div><\/div>\n<\/div><\/div>\n\n\n\n<div class=\"wp-block-stackable-columns alignfull stk-block-columns stk-block stk-dcb5698 stk-block-background stk--has-background-overlay\" data-block-id=\"dcb5698\"><style>.stk-dcb5698 .stk--block-align-dcb5698{align-items:center !important;}.stk-dcb5698 {background-color:#fffffe !important;background-image:url(https:\/\/www.rulieres.com\/wp-content\/uploads\/2026\/03\/aquarelle-3_resultat.webp) !important;background-attachment:fixed !important;background-position:center left !important;background-repeat:no-repeat !important;background-size:45% !important;align-items:center !important;padding-top:var(--stk--preset--spacing--50, clamp(30px, 5vw, 50px)) !important;padding-bottom:var(--stk--preset--spacing--50, clamp(30px, 5vw, 50px)) !important;margin-bottom:0px !important;display:flex !important;}.stk-dcb5698:before{background-color:#fffffe !important;opacity:0 !important;}<\/style><div class=\"stk-row stk-inner-blocks stk--block-align-dcb5698 stk-block-content stk-content-align stk-dcb5698-column alignwide\">\n<div class=\"wp-block-stackable-column stk-block-column stk-column stk-block stk-c644c80\" data-v=\"4\" data-block-id=\"c644c80\"><style>.stk-c644c80 {align-self:center !important;}.stk-c644c80-inner-blocks{justify-content:center !important;}<\/style><div class=\"stk-column-wrapper stk-block-column__content stk-container stk-c644c80-container stk--no-background stk--no-padding\"><div class=\"stk--column-flex stk-block-content stk-inner-blocks stk-c644c80-inner-blocks\">\n<div class=\"wp-block-stackable-image stk-block-image stk-block stk-f84d6e4\" data-block-id=\"f84d6e4\"><style>.stk-f84d6e4 {border-top-left-radius:50px !important;border-bottom-right-radius:50px !important;overflow:hidden !important;box-shadow:2px 2px 5px 0px #00000070 !important;}.stk-f84d6e4 .stk-img-wrapper{width:100% !important;height:525px !important;}.stk-f84d6e4 .stk-img-wrapper img{object-position:50% 52% !important;}<\/style><figure><span class=\"stk-img-wrapper stk-image--shape-stretch\"><img loading=\"lazy\" decoding=\"async\" class=\"stk-img wp-image-3407\" src=\"https:\/\/www.rulieres.com\/wp-content\/uploads\/2026\/03\/velo-vendee-pistes-cyclables-img_6491_resultat.webp\" width=\"2400\" height=\"1600\" alt=\"velo vendee cycle paths\" srcset=\"https:\/\/www.rulieres.com\/wp-content\/uploads\/2026\/03\/velo-vendee-pistes-cyclables-img_6491_resultat.webp 2400w, https:\/\/www.rulieres.com\/wp-content\/uploads\/2026\/03\/velo-vendee-pistes-cyclables-img_6491_resultat-300x200.webp 300w, https:\/\/www.rulieres.com\/wp-content\/uploads\/2026\/03\/velo-vendee-pistes-cyclables-img_6491_resultat-1024x683.webp 1024w, https:\/\/www.rulieres.com\/wp-content\/uploads\/2026\/03\/velo-vendee-pistes-cyclables-img_6491_resultat-768x512.webp 768w, https:\/\/www.rulieres.com\/wp-content\/uploads\/2026\/03\/velo-vendee-pistes-cyclables-img_6491_resultat-1536x1024.webp 1536w, https:\/\/www.rulieres.com\/wp-content\/uploads\/2026\/03\/velo-vendee-pistes-cyclables-img_6491_resultat-2048x1365.webp 2048w, https:\/\/www.rulieres.com\/wp-content\/uploads\/2026\/03\/velo-vendee-pistes-cyclables-img_6491_resultat-18x12.webp 18w, https:\/\/www.rulieres.com\/wp-content\/uploads\/2026\/03\/velo-vendee-pistes-cyclables-img_6491_resultat-500x333.webp 500w, https:\/\/www.rulieres.com\/wp-content\/uploads\/2026\/03\/velo-vendee-pistes-cyclables-img_6491_resultat-800x533.webp 800w, https:\/\/www.rulieres.com\/wp-content\/uploads\/2026\/03\/velo-vendee-pistes-cyclables-img_6491_resultat-1280x853.webp 1280w, https:\/\/www.rulieres.com\/wp-content\/uploads\/2026\/03\/velo-vendee-pistes-cyclables-img_6491_resultat-1920x1280.webp 1920w\" sizes=\"auto, (max-width: 2400px) 100vw, 2400px\" \/><\/span><\/figure><\/div>\n<\/div><\/div><\/div>\n\n\n\n<div class=\"wp-block-stackable-column stk-block-column stk-column stk-block stk-8c98049\" data-v=\"4\" data-block-id=\"8c98049\"><style>.stk-8c98049 {align-self:center !important;}.stk-8c98049-inner-blocks{justify-content:center !important;}<\/style><div class=\"stk-column-wrapper stk-block-column__content stk-container stk-8c98049-container stk--no-background stk--no-padding\"><div class=\"stk--column-flex stk-block-content stk-inner-blocks stk-8c98049-inner-blocks\">\n<div class=\"wp-block-stackable-heading stk-block-heading stk-block-heading--v2 stk-block stk-cf14e77\" id=\"des-spectacles-a-couper-le-souffle\" data-block-id=\"cf14e77\"><style>.stk-cf14e77 {margin-bottom:var(--stk--preset--spacing--40, 30px) !important;}.stk-cf14e77 .stk-block-heading__text{font-size:3.1rem !important;color:#000863 !important;font-family:\"Redressed\", Sans-serif !important;}@media screen and (max-width: 1023px){.stk-cf14e77 .stk-block-heading__text{font-size:3.1rem !important;}}<\/style><style class=\"stk-custom-css\">.stk-cf14e77.stk-block-heading .text-style{display:block !important;font-family:\"Redressed\",sans-serif !important;font-size:4.7rem !important;padding-left:80px !important;text-transform:none !important;margin-top:-10px !important}<\/style><h2 class=\"stk-block-heading__text has-text-color\">By Bike: Kilometres of Freedom<\/h2><\/div>\n\n\n\n<div class=\"wp-block-stackable-text stk-block-text stk-block stk-646f0c5\" data-block-id=\"646f0c5\"><style>.stk-646f0c5 {align-items:center !important;display:flex !important;}.stk-646f0c5 .stk-block-text__text{font-size:1rem !important;font-weight:400 !important;font-family:\"Poppins\", Sans-serif !important;}@media screen and (max-width: 1023px){.stk-646f0c5 .stk-block-text__text{font-size:1rem !important;}}<\/style><p class=\"stk-block-text__text\">The Vend\u00e9e has one of the largest cycle networks in France, with routes to suit all abilities.<\/p><\/div>\n\n\n\n<ul class=\"wp-block-list\" data-block-type=\"core\">\n<li data-block-type=\"core\"><strong>La V\u00e9lodyss\u00e9e :<\/strong> Less than an hour from the campsite, join this famous cycle route along the Atlantic coast. Enjoy the safe sections under the pine trees between La Tranche-sur-Mer and L'Aiguillon-sur-Mer.<\/li>\n\n\n\n<li data-block-type=\"core\"><strong>The Pays de Fontenay Local Network :<\/strong> Numerous signposted trails start from nearby villages. Cross the Mervent-Vouvant forest on undulating trails offering spectacular views of the lake.<\/li>\n\n\n\n<li data-block-type=\"core\"><strong>Le Marais \u00e0 V\u00e9lo :<\/strong> Explore the <a href=\"https:\/\/www.rulieres.com\/en\/marais-poitevin-village\/\" data-type=\"page\" data-id=\"2955\">\u00abGreen Venice\u00bb<\/a> on flat, shady paths along the canals. It's the ideal way to reach the abbeys of Maillezais or Nieul-sur-l'Autise effortlessly.<\/li>\n<\/ul>\n\n\n\n<p data-block-type=\"core\"><em>A little extra: Detailed maps of cycle routes in the South Vend\u00e9e are available at reception.<\/em><\/p>\n<\/div><\/div><\/div>\n<\/div><\/div>\n\n\n\n<div class=\"wp-block-stackable-columns alignfull stk-block-columns stk-block stk-4bb1f94 stk-block-background\" data-block-id=\"4bb1f94\"><style>.stk-4bb1f94 .stk--block-align-4bb1f94{align-items:center !important;}.stk-4bb1f94 {background-color:#9bbfaf !important;background-attachment:fixed !important;background-position:center left !important;background-repeat:no-repeat !important;background-size:auto !important;align-items:center !important;padding-top:var(--stk--preset--spacing--50, clamp(30px, 5vw, 50px)) !important;padding-bottom:var(--stk--preset--spacing--50, clamp(30px, 5vw, 50px)) !important;margin-bottom:0px !important;display:flex !important;}.stk-4bb1f94:before{background-color:#9bbfaf !important;}<\/style><div class=\"stk-row stk-inner-blocks stk--block-align-4bb1f94 stk-block-content stk-content-align stk-4bb1f94-column alignwide\">\n<div class=\"wp-block-stackable-column stk-block-column stk-column stk-block stk-f9df650\" data-v=\"4\" data-block-id=\"f9df650\"><div class=\"stk-column-wrapper stk-block-column__content stk-container stk-f9df650-container stk--no-background stk--no-padding\"><div class=\"stk-block-content stk-inner-blocks stk-f9df650-inner-blocks\">\n<div class=\"wp-block-stackable-heading stk-block-heading stk-block-heading--v2 stk-block stk-b2e1a89\" id=\"les-villages-d-epoque\" data-block-id=\"b2e1a89\"><style>.stk-b2e1a89 {margin-bottom:var(--stk--preset--spacing--40, 30px) !important;}.stk-b2e1a89 .stk-block-heading__text{font-size:3.1rem !important;color:#000863 !important;font-family:\"Redressed\", Sans-serif !important;}@media screen and (max-width: 1023px){.stk-b2e1a89 .stk-block-heading__text{font-size:3.1rem !important;}}<\/style><style class=\"stk-custom-css\">.stk-b2e1a89.stk-block-heading .text-style{display:block !important;font-family:\"Redressed\",sans-serif !important;font-size:4.7rem !important;padding-left:80px !important;text-transform:none !important;margin-top:-10px !important}<\/style><h2 class=\"stk-block-heading__text has-text-color\">Hiking: Between Land and Water<\/h2><\/div>\n\n\n\n<div class=\"wp-block-stackable-text stk-block-text stk-block stk-ec8c65e\" data-block-id=\"ec8c65e\"><style>.stk-ec8c65e .stk-block-text__text{font-size:1rem !important;font-weight:400 !important;font-family:\"Poppins\", Sans-serif !important;}@media screen and (max-width: 1023px){.stk-ec8c65e .stk-block-text__text{font-size:1rem !important;}}<\/style><p class=\"stk-block-text__text\">The southern Vend\u00e9e can also be explored on foot, at your own pace, to observe the local flora and fauna.<\/p><\/div>\n\n\n\n<p data-block-type=\"core\" class=\"translation-block\"><strong>La Corniche de Cayola:<\/strong> For an iodised hike, follow the coastal path in Les Sables d'Olonne. This corniche offers a breathtaking view of the ocean and the waves crashing against the rocks.<\/p>\n\n\n\n<p data-block-type=\"core\" class=\"translation-block\"><strong>Les Sentiers du Bocage:<\/strong> Around Saint-Val\u00e9rien and l'Hermenault, wander along country lanes lined with living hedgerows. You'll discover small heritage features such as calvaries, old wash-houses and stone bridges.<\/p>\n\n\n\n<p data-block-type=\"core\" class=\"translation-block\"><strong>La R\u00e9serve Biologique de Nalliers:<\/strong> An exceptional site for a themed walk at the heart of biodiversity. The paths are laid out to observe birds without disturbing them.<\/p>\n<\/div><\/div><\/div>\n<\/div><\/div>\n\n\n\n<div class=\"wp-block-stackable-columns alignfull stk-block-columns stk-block stk-28f5915 stk-block-background stk--has-background-overlay\" data-block-id=\"28f5915\"><style>.stk-28f5915 .stk--block-align-28f5915{align-items:center !important;}.stk-28f5915 {background-color:#fffffe !important;background-image:url(https:\/\/www.rulieres.com\/wp-content\/uploads\/2026\/03\/aquarelle-3_resultat.webp) !important;background-attachment:fixed !important;background-position:center right !important;background-repeat:no-repeat !important;background-size:45% !important;align-items:center !important;padding-top:var(--stk--preset--spacing--50, clamp(30px, 5vw, 50px)) !important;padding-bottom:var(--stk--preset--spacing--50, clamp(30px, 5vw, 50px)) !important;margin-bottom:0px !important;display:flex !important;}.stk-28f5915:before{background-color:#fffffe !important;opacity:0 !important;}<\/style><div class=\"stk-row stk-inner-blocks stk--block-align-28f5915 stk-block-content stk-content-align stk-28f5915-column alignwide\">\n<div class=\"wp-block-stackable-column stk-block-column stk-column stk-block stk-c19dad7\" data-v=\"4\" data-block-id=\"c19dad7\"><style>.stk-c19dad7 {align-self:center !important;}.stk-c19dad7-inner-blocks{justify-content:center !important;}<\/style><div class=\"stk-column-wrapper stk-block-column__content stk-container stk-c19dad7-container stk--no-background stk--no-padding\"><div class=\"stk--column-flex stk-block-content stk-inner-blocks stk-c19dad7-inner-blocks\">\n<div class=\"wp-block-stackable-heading stk-block-heading stk-block-heading--v2 stk-block stk-6356b99\" id=\"la-cinescenie-le-plus-grand-spectacle-de-nuit\" data-block-id=\"6356b99\"><style>.stk-6356b99 {margin-bottom:var(--stk--preset--spacing--40, 30px) !important;}.stk-6356b99 .stk-block-heading__text{font-size:3.1rem !important;color:#000863 !important;font-family:\"Redressed\", Sans-serif !important;}@media screen and (max-width: 1023px){.stk-6356b99 .stk-block-heading__text{font-size:3.1rem !important;}}<\/style><style class=\"stk-custom-css\">.stk-6356b99.stk-block-heading .text-style{display:block !important;font-family:\"Redressed\",sans-serif !important;font-size:4.7rem !important;padding-left:80px !important;text-transform:none !important;margin-top:-10px !important}<\/style><h2 class=\"stk-block-heading__text has-text-color\">A \u00abSport and Relaxation\u00bb Stay at Les Ruli\u00e8res<\/h2><\/div>\n\n\n\n<div class=\"wp-block-stackable-text stk-block-text stk-block stk-3ff89b7\" data-block-id=\"3ff89b7\"><style>.stk-3ff89b7 {align-items:center !important;display:flex !important;}.stk-3ff89b7 .stk-block-text__text{font-size:1rem !important;font-weight:400 !important;font-family:\"Poppins\", Sans-serif !important;}@media screen and (max-width: 1023px){.stk-3ff89b7 .stk-block-text__text{font-size:1rem !important;}}<\/style><p class=\"stk-block-text__text translation-block\">After a day hiking trails or pedalling against the wind, <strong>Camping Les Ruli\u00e8res<\/strong> becomes your haven for recuperation.<\/p><\/div>\n\n\n\n<p data-block-type=\"core\" class=\"translation-block\"><strong>Recovering in the green:<\/strong> Take advantage of our site's <a href=\"https:\/\/www.rulieres.com\/en\/good-reasons-to-come\/\" data-type=\"page\" data-id=\"1167\" target=\"_self\">absolute calm<\/a> to recharge your batteries before setting off again to discover new Vend\u00e9e horizons the next day.<\/p>\n\n\n\n<p data-block-type=\"core\" class=\"translation-block\"><strong>Comfort after exertion:<\/strong> Relax on the terrace of your chalet or mobile home with a soothing view of our fishing ponds.<\/p>\n\n\n\n<p data-block-type=\"core\" class=\"translation-block\"><strong>Dedicated services:<\/strong> We have spaces to park your bikes safely. For hikers, our advice on \u00abfavourite\u00bb routes will help you get off the beaten track.<\/p>\n<\/div><\/div><\/div>\n\n\n\n<div class=\"wp-block-stackable-column stk-block-column stk-column stk-block stk-7a7ec94\" data-v=\"4\" data-block-id=\"7a7ec94\"><style>.stk-7a7ec94 {align-self:center !important;}.stk-7a7ec94-inner-blocks{justify-content:center !important;}<\/style><div class=\"stk-column-wrapper stk-block-column__content stk-container stk-7a7ec94-container stk--no-background stk--no-padding\"><div class=\"stk--column-flex stk-block-content stk-inner-blocks stk-7a7ec94-inner-blocks\">\n<div class=\"wp-block-stackable-image stk-block-image stk-block stk-af6f996\" data-block-id=\"af6f996\"><style>.stk-af6f996 {border-top-left-radius:50px !important;border-bottom-right-radius:50px !important;overflow:hidden !important;box-shadow:2px 2px 5px 0px #00000070 !important;}.stk-af6f996 .stk-img-wrapper{width:100% !important;height:510px !important;}<\/style><figure><span class=\"stk-img-wrapper stk-image--shape-stretch\"><img loading=\"lazy\" decoding=\"async\" class=\"stk-img wp-image-3406\" src=\"https:\/\/www.rulieres.com\/wp-content\/uploads\/2026\/03\/les-sables-cayola-img_2495_resultat.webp\" width=\"2100\" height=\"1400\" alt=\"les sables cayola by bike in vend\u00e9e\" srcset=\"https:\/\/www.rulieres.com\/wp-content\/uploads\/2026\/03\/les-sables-cayola-img_2495_resultat.webp 2100w, https:\/\/www.rulieres.com\/wp-content\/uploads\/2026\/03\/les-sables-cayola-img_2495_resultat-300x200.webp 300w, https:\/\/www.rulieres.com\/wp-content\/uploads\/2026\/03\/les-sables-cayola-img_2495_resultat-1024x683.webp 1024w, https:\/\/www.rulieres.com\/wp-content\/uploads\/2026\/03\/les-sables-cayola-img_2495_resultat-768x512.webp 768w, https:\/\/www.rulieres.com\/wp-content\/uploads\/2026\/03\/les-sables-cayola-img_2495_resultat-1536x1024.webp 1536w, https:\/\/www.rulieres.com\/wp-content\/uploads\/2026\/03\/les-sables-cayola-img_2495_resultat-2048x1365.webp 2048w, https:\/\/www.rulieres.com\/wp-content\/uploads\/2026\/03\/les-sables-cayola-img_2495_resultat-18x12.webp 18w, https:\/\/www.rulieres.com\/wp-content\/uploads\/2026\/03\/les-sables-cayola-img_2495_resultat-500x333.webp 500w, https:\/\/www.rulieres.com\/wp-content\/uploads\/2026\/03\/les-sables-cayola-img_2495_resultat-800x533.webp 800w, https:\/\/www.rulieres.com\/wp-content\/uploads\/2026\/03\/les-sables-cayola-img_2495_resultat-1280x853.webp 1280w, https:\/\/www.rulieres.com\/wp-content\/uploads\/2026\/03\/les-sables-cayola-img_2495_resultat-1920x1280.webp 1920w\" sizes=\"auto, (max-width: 2100px) 100vw, 2100px\" \/><\/span><\/figure><\/div>\n<\/div><\/div><\/div>\n<\/div><\/div>\n\n\n<div class=\"wp-block-visual-portfolio alignwide\">\n<div class=\"vp-portfolio vp-uid-8d05bdad vp-id-1jzaN4\"\n\tdata-vp-layout=\"tiles\" data-vp-content-source=\"images\" data-vp-items-style=\"default\" data-vp-items-click-action=\"popup_gallery\" data-vp-items-gap=\"11\" data-vp-items-gap-vertical=\"\" data-vp-pagination=\"load-more\" data-vp-next-page-url=\"\" data-vp-tiles-type=\"4|1,1|1,1.34|1,1|1,1.34|1,1.34|1,1.34|1,1|1,1|\" >\n\t<div class=\"vp-portfolio__preloader-wrap\">\n\t\t<div class=\"vp-portfolio__preloader\">\n\t\t\t<img decoding=\"async\" loading=\"eager\" src=\"https:\/\/www.rulieres.com\/wp-content\/plugins\/visual-portfolio\/assets\/images\/logo-dark.svg\" alt=\"Visual Portfolio, Posts &amp; Image Gallery for WordPress\" width=\"20\" height=\"20\" data-skip-lazy>\n\t\t<\/div>\n\t<\/div>\n\t\t<div class=\"vp-portfolio__items-wrap\">\n\t\t\t\n<div class=\"vp-portfolio__items vp-portfolio__items-style-default vp-portfolio__items-show-overlay-hover\">\n\n\t\t<div\t\tclass=\"vp-portfolio__item-wrap vp-portfolio__item-uid-90abee07\" data-vp-filter=\"\" \t\t>\n\t\t\t<template class=\"vp-portfolio__item-popup\" style=\"display: none\" data-vp-popup-img=\"https:\/\/www.rulieres.com\/wp-content\/uploads\/2026\/03\/velo-vendee-pistes-cyclables-img_6491_resultat-1920x1280.webp\" data-vp-popup-img-srcset=\"https:\/\/www.rulieres.com\/wp-content\/uploads\/2026\/03\/velo-vendee-pistes-cyclables-img_6491_resultat-1920x1280.webp 1920w, https:\/\/www.rulieres.com\/wp-content\/uploads\/2026\/03\/velo-vendee-pistes-cyclables-img_6491_resultat-300x200.webp 300w, https:\/\/www.rulieres.com\/wp-content\/uploads\/2026\/03\/velo-vendee-pistes-cyclables-img_6491_resultat-1024x683.webp 1024w, https:\/\/www.rulieres.com\/wp-content\/uploads\/2026\/03\/velo-vendee-pistes-cyclables-img_6491_resultat-768x512.webp 768w, https:\/\/www.rulieres.com\/wp-content\/uploads\/2026\/03\/velo-vendee-pistes-cyclables-img_6491_resultat-1536x1024.webp 1536w, https:\/\/www.rulieres.com\/wp-content\/uploads\/2026\/03\/velo-vendee-pistes-cyclables-img_6491_resultat-2048x1365.webp 2048w, https:\/\/www.rulieres.com\/wp-content\/uploads\/2026\/03\/velo-vendee-pistes-cyclables-img_6491_resultat-18x12.webp 18w, https:\/\/www.rulieres.com\/wp-content\/uploads\/2026\/03\/velo-vendee-pistes-cyclables-img_6491_resultat-500x333.webp 500w, https:\/\/www.rulieres.com\/wp-content\/uploads\/2026\/03\/velo-vendee-pistes-cyclables-img_6491_resultat-800x533.webp 800w, https:\/\/www.rulieres.com\/wp-content\/uploads\/2026\/03\/velo-vendee-pistes-cyclables-img_6491_resultat-1280x853.webp 1280w\" data-vp-popup-img-size=\"1920x1280\" data-vp-popup-md-img=\"https:\/\/www.rulieres.com\/wp-content\/uploads\/2026\/03\/velo-vendee-pistes-cyclables-img_6491_resultat-800x533.webp\" data-vp-popup-md-img-size=\"800x533\" data-vp-popup-sm-img=\"https:\/\/www.rulieres.com\/wp-content\/uploads\/2026\/03\/velo-vendee-pistes-cyclables-img_6491_resultat-500x333.webp\" data-vp-popup-sm-img-size=\"500x333\">\n\t<\/template>\n\t\t\t\t\t\t<figure class=\"vp-portfolio__item\">\n\t\t\t\t\n<div class=\"vp-portfolio__item-img-wrap\">\n\t<div class=\"vp-portfolio__item-img\">\n\t\t\t<a\n\t\thref=\"https:\/\/www.rulieres.com\/wp-content\/uploads\/2026\/03\/velo-vendee-pistes-cyclables-img_6491_resultat-1920x1280.webp\"\n\t\taria-label=\"Open image\" \t>\n\t\n\t\t<noscript><img loading=\"lazy\" decoding=\"async\" width=\"1280\" height=\"853\" data-skip-lazy src=\"https:\/\/www.rulieres.com\/wp-content\/uploads\/2026\/03\/velo-vendee-pistes-cyclables-img_6491_resultat-1280x853.webp\" class=\"wp-image-3407\" alt=\"velo vendee cycle paths\" srcset=\"https:\/\/www.rulieres.com\/wp-content\/uploads\/2026\/03\/velo-vendee-pistes-cyclables-img_6491_resultat-1280x853.webp 1280w, https:\/\/www.rulieres.com\/wp-content\/uploads\/2026\/03\/velo-vendee-pistes-cyclables-img_6491_resultat-300x200.webp 300w, https:\/\/www.rulieres.com\/wp-content\/uploads\/2026\/03\/velo-vendee-pistes-cyclables-img_6491_resultat-1024x683.webp 1024w, https:\/\/www.rulieres.com\/wp-content\/uploads\/2026\/03\/velo-vendee-pistes-cyclables-img_6491_resultat-768x512.webp 768w, https:\/\/www.rulieres.com\/wp-content\/uploads\/2026\/03\/velo-vendee-pistes-cyclables-img_6491_resultat-1536x1024.webp 1536w, https:\/\/www.rulieres.com\/wp-content\/uploads\/2026\/03\/velo-vendee-pistes-cyclables-img_6491_resultat-2048x1365.webp 2048w, https:\/\/www.rulieres.com\/wp-content\/uploads\/2026\/03\/velo-vendee-pistes-cyclables-img_6491_resultat-18x12.webp 18w, https:\/\/www.rulieres.com\/wp-content\/uploads\/2026\/03\/velo-vendee-pistes-cyclables-img_6491_resultat-500x333.webp 500w, https:\/\/www.rulieres.com\/wp-content\/uploads\/2026\/03\/velo-vendee-pistes-cyclables-img_6491_resultat-800x533.webp 800w, https:\/\/www.rulieres.com\/wp-content\/uploads\/2026\/03\/velo-vendee-pistes-cyclables-img_6491_resultat-1920x1280.webp 1920w\" sizes=\"auto, (max-width: 1280px) 100vw, 1280px\" \/><\/noscript><img fetchpriority=\"high\" decoding=\"async\" width=\"1280\" height=\"853\" src=\"https:\/\/www.rulieres.com\/wp-content\/uploads\/2026\/03\/velo-vendee-pistes-cyclables-img_6491_resultat-1280x853.webp\" class=\"wp-image-3407 vp-lazyload\" alt=\"velo vendee cycle paths\" srcset=\"data:image\/svg+xml;base64,PHN2ZyB3aWR0aD0iMTI4MCIgaGVpZ2h0PSI4NTMiIHZpZXdCb3g9IjAgMCAxMjgwIDg1MyIgZmlsbD0ibm9uZSIgeG1sbnM9Imh0dHA6Ly93d3cudzMub3JnLzIwMDAvc3ZnIj48L3N2Zz4=\" data-src=\"https:\/\/www.rulieres.com\/wp-content\/uploads\/2026\/03\/velo-vendee-pistes-cyclables-img_6491_resultat-1280x853.webp\" data-srcset=\"https:\/\/www.rulieres.com\/wp-content\/uploads\/2026\/03\/velo-vendee-pistes-cyclables-img_6491_resultat-1280x853.webp 1280w, https:\/\/www.rulieres.com\/wp-content\/uploads\/2026\/03\/velo-vendee-pistes-cyclables-img_6491_resultat-300x200.webp 300w, https:\/\/www.rulieres.com\/wp-content\/uploads\/2026\/03\/velo-vendee-pistes-cyclables-img_6491_resultat-1024x683.webp 1024w, https:\/\/www.rulieres.com\/wp-content\/uploads\/2026\/03\/velo-vendee-pistes-cyclables-img_6491_resultat-768x512.webp 768w, https:\/\/www.rulieres.com\/wp-content\/uploads\/2026\/03\/velo-vendee-pistes-cyclables-img_6491_resultat-1536x1024.webp 1536w, https:\/\/www.rulieres.com\/wp-content\/uploads\/2026\/03\/velo-vendee-pistes-cyclables-img_6491_resultat-2048x1365.webp 2048w, https:\/\/www.rulieres.com\/wp-content\/uploads\/2026\/03\/velo-vendee-pistes-cyclables-img_6491_resultat-18x12.webp 18w, https:\/\/www.rulieres.com\/wp-content\/uploads\/2026\/03\/velo-vendee-pistes-cyclables-img_6491_resultat-500x333.webp 500w, https:\/\/www.rulieres.com\/wp-content\/uploads\/2026\/03\/velo-vendee-pistes-cyclables-img_6491_resultat-800x533.webp 800w, https:\/\/www.rulieres.com\/wp-content\/uploads\/2026\/03\/velo-vendee-pistes-cyclables-img_6491_resultat-1920x1280.webp 1920w\" data-sizes=\"auto\" loading=\"eager\">\n\t\t<div class=\"vp-portfolio__item-overlay\">\n\t\t\t\t\t<\/div>\n\n\t\t<\/a>\t<\/div>\n<\/div>\n\n\t\t\t<\/figure>\n\t\t\t\t\t<\/div>\n\t\t\n\t\t<div\t\tclass=\"vp-portfolio__item-wrap vp-portfolio__item-uid-daccf721\" data-vp-filter=\"\" \t\t>\n\t\t\t<template class=\"vp-portfolio__item-popup\" style=\"display: none\" data-vp-popup-img=\"https:\/\/www.rulieres.com\/wp-content\/uploads\/2026\/03\/les-sables-cayola-img_2495_resultat-1920x1280.webp\" data-vp-popup-img-srcset=\"https:\/\/www.rulieres.com\/wp-content\/uploads\/2026\/03\/les-sables-cayola-img_2495_resultat-1920x1280.webp 1920w, https:\/\/www.rulieres.com\/wp-content\/uploads\/2026\/03\/les-sables-cayola-img_2495_resultat-300x200.webp 300w, https:\/\/www.rulieres.com\/wp-content\/uploads\/2026\/03\/les-sables-cayola-img_2495_resultat-1024x683.webp 1024w, https:\/\/www.rulieres.com\/wp-content\/uploads\/2026\/03\/les-sables-cayola-img_2495_resultat-768x512.webp 768w, https:\/\/www.rulieres.com\/wp-content\/uploads\/2026\/03\/les-sables-cayola-img_2495_resultat-1536x1024.webp 1536w, https:\/\/www.rulieres.com\/wp-content\/uploads\/2026\/03\/les-sables-cayola-img_2495_resultat-2048x1365.webp 2048w, https:\/\/www.rulieres.com\/wp-content\/uploads\/2026\/03\/les-sables-cayola-img_2495_resultat-18x12.webp 18w, https:\/\/www.rulieres.com\/wp-content\/uploads\/2026\/03\/les-sables-cayola-img_2495_resultat-500x333.webp 500w, https:\/\/www.rulieres.com\/wp-content\/uploads\/2026\/03\/les-sables-cayola-img_2495_resultat-800x533.webp 800w, https:\/\/www.rulieres.com\/wp-content\/uploads\/2026\/03\/les-sables-cayola-img_2495_resultat-1280x853.webp 1280w\" data-vp-popup-img-size=\"1920x1280\" data-vp-popup-md-img=\"https:\/\/www.rulieres.com\/wp-content\/uploads\/2026\/03\/les-sables-cayola-img_2495_resultat-800x533.webp\" data-vp-popup-md-img-size=\"800x533\" data-vp-popup-sm-img=\"https:\/\/www.rulieres.com\/wp-content\/uploads\/2026\/03\/les-sables-cayola-img_2495_resultat-500x333.webp\" data-vp-popup-sm-img-size=\"500x333\">\n\t<\/template>\n\t\t\t\t\t\t<figure class=\"vp-portfolio__item\">\n\t\t\t\t\n<div class=\"vp-portfolio__item-img-wrap\">\n\t<div class=\"vp-portfolio__item-img\">\n\t\t\t<a\n\t\thref=\"https:\/\/www.rulieres.com\/wp-content\/uploads\/2026\/03\/les-sables-cayola-img_2495_resultat-1920x1280.webp\"\n\t\taria-label=\"Open image\" \t>\n\t\n\t\t<noscript><img loading=\"lazy\" decoding=\"async\" width=\"1280\" height=\"853\" data-skip-lazy src=\"https:\/\/www.rulieres.com\/wp-content\/uploads\/2026\/03\/les-sables-cayola-img_2495_resultat-1280x853.webp\" class=\"wp-image-3406\" alt=\"les sables cayola\" srcset=\"https:\/\/www.rulieres.com\/wp-content\/uploads\/2026\/03\/les-sables-cayola-img_2495_resultat-1280x853.webp 1280w, https:\/\/www.rulieres.com\/wp-content\/uploads\/2026\/03\/les-sables-cayola-img_2495_resultat-300x200.webp 300w, https:\/\/www.rulieres.com\/wp-content\/uploads\/2026\/03\/les-sables-cayola-img_2495_resultat-1024x683.webp 1024w, https:\/\/www.rulieres.com\/wp-content\/uploads\/2026\/03\/les-sables-cayola-img_2495_resultat-768x512.webp 768w, https:\/\/www.rulieres.com\/wp-content\/uploads\/2026\/03\/les-sables-cayola-img_2495_resultat-1536x1024.webp 1536w, https:\/\/www.rulieres.com\/wp-content\/uploads\/2026\/03\/les-sables-cayola-img_2495_resultat-2048x1365.webp 2048w, https:\/\/www.rulieres.com\/wp-content\/uploads\/2026\/03\/les-sables-cayola-img_2495_resultat-18x12.webp 18w, https:\/\/www.rulieres.com\/wp-content\/uploads\/2026\/03\/les-sables-cayola-img_2495_resultat-500x333.webp 500w, https:\/\/www.rulieres.com\/wp-content\/uploads\/2026\/03\/les-sables-cayola-img_2495_resultat-800x533.webp 800w, https:\/\/www.rulieres.com\/wp-content\/uploads\/2026\/03\/les-sables-cayola-img_2495_resultat-1920x1280.webp 1920w\" sizes=\"auto, (max-width: 1280px) 100vw, 1280px\" \/><\/noscript><img decoding=\"async\" width=\"1280\" height=\"853\" src=\"https:\/\/www.rulieres.com\/wp-content\/uploads\/2026\/03\/les-sables-cayola-img_2495_resultat-1280x853.webp\" class=\"wp-image-3406 vp-lazyload\" alt=\"les sables cayola\" srcset=\"data:image\/svg+xml;base64,PHN2ZyB3aWR0aD0iMTI4MCIgaGVpZ2h0PSI4NTMiIHZpZXdCb3g9IjAgMCAxMjgwIDg1MyIgZmlsbD0ibm9uZSIgeG1sbnM9Imh0dHA6Ly93d3cudzMub3JnLzIwMDAvc3ZnIj48L3N2Zz4=\" data-src=\"https:\/\/www.rulieres.com\/wp-content\/uploads\/2026\/03\/les-sables-cayola-img_2495_resultat-1280x853.webp\" data-srcset=\"https:\/\/www.rulieres.com\/wp-content\/uploads\/2026\/03\/les-sables-cayola-img_2495_resultat-1280x853.webp 1280w, https:\/\/www.rulieres.com\/wp-content\/uploads\/2026\/03\/les-sables-cayola-img_2495_resultat-300x200.webp 300w, https:\/\/www.rulieres.com\/wp-content\/uploads\/2026\/03\/les-sables-cayola-img_2495_resultat-1024x683.webp 1024w, https:\/\/www.rulieres.com\/wp-content\/uploads\/2026\/03\/les-sables-cayola-img_2495_resultat-768x512.webp 768w, https:\/\/www.rulieres.com\/wp-content\/uploads\/2026\/03\/les-sables-cayola-img_2495_resultat-1536x1024.webp 1536w, https:\/\/www.rulieres.com\/wp-content\/uploads\/2026\/03\/les-sables-cayola-img_2495_resultat-2048x1365.webp 2048w, https:\/\/www.rulieres.com\/wp-content\/uploads\/2026\/03\/les-sables-cayola-img_2495_resultat-18x12.webp 18w, https:\/\/www.rulieres.com\/wp-content\/uploads\/2026\/03\/les-sables-cayola-img_2495_resultat-500x333.webp 500w, https:\/\/www.rulieres.com\/wp-content\/uploads\/2026\/03\/les-sables-cayola-img_2495_resultat-800x533.webp 800w, https:\/\/www.rulieres.com\/wp-content\/uploads\/2026\/03\/les-sables-cayola-img_2495_resultat-1920x1280.webp 1920w\" data-sizes=\"auto\" loading=\"eager\">\n\t\t<div class=\"vp-portfolio__item-overlay\">\n\t\t\t\t\t<\/div>\n\n\t\t<\/a>\t<\/div>\n<\/div>\n\n\t\t\t<\/figure>\n\t\t\t\t\t<\/div>\n\t\t\n\t\t<div\t\tclass=\"vp-portfolio__item-wrap vp-portfolio__item-uid-0465dc4b\" data-vp-filter=\"\" \t\t>\n\t\t\t<template class=\"vp-portfolio__item-popup\" style=\"display: none\" data-vp-popup-img=\"https:\/\/www.rulieres.com\/wp-content\/uploads\/2026\/03\/piste-cyclable-velo-les-sables-dolonne-img_6541_resultat-1920x1280.webp\" data-vp-popup-img-srcset=\"https:\/\/www.rulieres.com\/wp-content\/uploads\/2026\/03\/piste-cyclable-velo-les-sables-dolonne-img_6541_resultat-1920x1280.webp 1920w, https:\/\/www.rulieres.com\/wp-content\/uploads\/2026\/03\/piste-cyclable-velo-les-sables-dolonne-img_6541_resultat-300x200.webp 300w, https:\/\/www.rulieres.com\/wp-content\/uploads\/2026\/03\/piste-cyclable-velo-les-sables-dolonne-img_6541_resultat-1024x683.webp 1024w, https:\/\/www.rulieres.com\/wp-content\/uploads\/2026\/03\/piste-cyclable-velo-les-sables-dolonne-img_6541_resultat-768x512.webp 768w, https:\/\/www.rulieres.com\/wp-content\/uploads\/2026\/03\/piste-cyclable-velo-les-sables-dolonne-img_6541_resultat-1536x1024.webp 1536w, https:\/\/www.rulieres.com\/wp-content\/uploads\/2026\/03\/piste-cyclable-velo-les-sables-dolonne-img_6541_resultat-2048x1365.webp 2048w, https:\/\/www.rulieres.com\/wp-content\/uploads\/2026\/03\/piste-cyclable-velo-les-sables-dolonne-img_6541_resultat-18x12.webp 18w, https:\/\/www.rulieres.com\/wp-content\/uploads\/2026\/03\/piste-cyclable-velo-les-sables-dolonne-img_6541_resultat-500x333.webp 500w, https:\/\/www.rulieres.com\/wp-content\/uploads\/2026\/03\/piste-cyclable-velo-les-sables-dolonne-img_6541_resultat-800x533.webp 800w, https:\/\/www.rulieres.com\/wp-content\/uploads\/2026\/03\/piste-cyclable-velo-les-sables-dolonne-img_6541_resultat-1280x853.webp 1280w\" data-vp-popup-img-size=\"1920x1280\" data-vp-popup-md-img=\"https:\/\/www.rulieres.com\/wp-content\/uploads\/2026\/03\/piste-cyclable-velo-les-sables-dolonne-img_6541_resultat-800x533.webp\" data-vp-popup-md-img-size=\"800x533\" data-vp-popup-sm-img=\"https:\/\/www.rulieres.com\/wp-content\/uploads\/2026\/03\/piste-cyclable-velo-les-sables-dolonne-img_6541_resultat-500x333.webp\" data-vp-popup-sm-img-size=\"500x333\">\n\t<\/template>\n\t\t\t\t\t\t<figure class=\"vp-portfolio__item\">\n\t\t\t\t\n<div class=\"vp-portfolio__item-img-wrap\">\n\t<div class=\"vp-portfolio__item-img\">\n\t\t\t<a\n\t\thref=\"https:\/\/www.rulieres.com\/wp-content\/uploads\/2026\/03\/piste-cyclable-velo-les-sables-dolonne-img_6541_resultat-1920x1280.webp\"\n\t\taria-label=\"Open image\" \t>\n\t\n\t\t<noscript><img loading=\"lazy\" decoding=\"async\" width=\"1280\" height=\"853\" data-skip-lazy src=\"https:\/\/www.rulieres.com\/wp-content\/uploads\/2026\/03\/piste-cyclable-velo-les-sables-dolonne-img_6541_resultat-1280x853.webp\" class=\"wp-image-3405\" alt=\"cycle path les sables dolonne img 6541 result\" srcset=\"https:\/\/www.rulieres.com\/wp-content\/uploads\/2026\/03\/piste-cyclable-velo-les-sables-dolonne-img_6541_resultat-1280x853.webp 1280w, https:\/\/www.rulieres.com\/wp-content\/uploads\/2026\/03\/piste-cyclable-velo-les-sables-dolonne-img_6541_resultat-300x200.webp 300w, https:\/\/www.rulieres.com\/wp-content\/uploads\/2026\/03\/piste-cyclable-velo-les-sables-dolonne-img_6541_resultat-1024x683.webp 1024w, https:\/\/www.rulieres.com\/wp-content\/uploads\/2026\/03\/piste-cyclable-velo-les-sables-dolonne-img_6541_resultat-768x512.webp 768w, https:\/\/www.rulieres.com\/wp-content\/uploads\/2026\/03\/piste-cyclable-velo-les-sables-dolonne-img_6541_resultat-1536x1024.webp 1536w, https:\/\/www.rulieres.com\/wp-content\/uploads\/2026\/03\/piste-cyclable-velo-les-sables-dolonne-img_6541_resultat-2048x1365.webp 2048w, https:\/\/www.rulieres.com\/wp-content\/uploads\/2026\/03\/piste-cyclable-velo-les-sables-dolonne-img_6541_resultat-18x12.webp 18w, https:\/\/www.rulieres.com\/wp-content\/uploads\/2026\/03\/piste-cyclable-velo-les-sables-dolonne-img_6541_resultat-500x333.webp 500w, https:\/\/www.rulieres.com\/wp-content\/uploads\/2026\/03\/piste-cyclable-velo-les-sables-dolonne-img_6541_resultat-800x533.webp 800w, https:\/\/www.rulieres.com\/wp-content\/uploads\/2026\/03\/piste-cyclable-velo-les-sables-dolonne-img_6541_resultat-1920x1280.webp 1920w\" sizes=\"auto, (max-width: 1280px) 100vw, 1280px\" \/><\/noscript><img decoding=\"async\" width=\"1280\" height=\"853\" src=\"https:\/\/www.rulieres.com\/wp-content\/uploads\/2026\/03\/piste-cyclable-velo-les-sables-dolonne-img_6541_resultat-1280x853.webp\" class=\"wp-image-3405 vp-lazyload\" alt=\"cycle path les sables dolonne img 6541 result\" srcset=\"data:image\/svg+xml;base64,PHN2ZyB3aWR0aD0iMTI4MCIgaGVpZ2h0PSI4NTMiIHZpZXdCb3g9IjAgMCAxMjgwIDg1MyIgZmlsbD0ibm9uZSIgeG1sbnM9Imh0dHA6Ly93d3cudzMub3JnLzIwMDAvc3ZnIj48L3N2Zz4=\" data-src=\"https:\/\/www.rulieres.com\/wp-content\/uploads\/2026\/03\/piste-cyclable-velo-les-sables-dolonne-img_6541_resultat-1280x853.webp\" data-srcset=\"https:\/\/www.rulieres.com\/wp-content\/uploads\/2026\/03\/piste-cyclable-velo-les-sables-dolonne-img_6541_resultat-1280x853.webp 1280w, https:\/\/www.rulieres.com\/wp-content\/uploads\/2026\/03\/piste-cyclable-velo-les-sables-dolonne-img_6541_resultat-300x200.webp 300w, https:\/\/www.rulieres.com\/wp-content\/uploads\/2026\/03\/piste-cyclable-velo-les-sables-dolonne-img_6541_resultat-1024x683.webp 1024w, https:\/\/www.rulieres.com\/wp-content\/uploads\/2026\/03\/piste-cyclable-velo-les-sables-dolonne-img_6541_resultat-768x512.webp 768w, https:\/\/www.rulieres.com\/wp-content\/uploads\/2026\/03\/piste-cyclable-velo-les-sables-dolonne-img_6541_resultat-1536x1024.webp 1536w, https:\/\/www.rulieres.com\/wp-content\/uploads\/2026\/03\/piste-cyclable-velo-les-sables-dolonne-img_6541_resultat-2048x1365.webp 2048w, https:\/\/www.rulieres.com\/wp-content\/uploads\/2026\/03\/piste-cyclable-velo-les-sables-dolonne-img_6541_resultat-18x12.webp 18w, https:\/\/www.rulieres.com\/wp-content\/uploads\/2026\/03\/piste-cyclable-velo-les-sables-dolonne-img_6541_resultat-500x333.webp 500w, https:\/\/www.rulieres.com\/wp-content\/uploads\/2026\/03\/piste-cyclable-velo-les-sables-dolonne-img_6541_resultat-800x533.webp 800w, https:\/\/www.rulieres.com\/wp-content\/uploads\/2026\/03\/piste-cyclable-velo-les-sables-dolonne-img_6541_resultat-1920x1280.webp 1920w\" data-sizes=\"auto\" loading=\"eager\">\n\t\t<div class=\"vp-portfolio__item-overlay\">\n\t\t\t\t\t<\/div>\n\n\t\t<\/a>\t<\/div>\n<\/div>\n\n\t\t\t<\/figure>\n\t\t\t\t\t<\/div>\n\t\t\n\t\t<div\t\tclass=\"vp-portfolio__item-wrap vp-portfolio__item-uid-4e02c56d\" data-vp-filter=\"\" \t\t>\n\t\t\t<template class=\"vp-portfolio__item-popup\" style=\"display: none\" data-vp-popup-img=\"https:\/\/www.rulieres.com\/wp-content\/uploads\/2026\/03\/randonnee-img_4910_resultat-1920x1280.webp\" data-vp-popup-img-srcset=\"https:\/\/www.rulieres.com\/wp-content\/uploads\/2026\/03\/randonnee-img_4910_resultat-1920x1280.webp 1920w, https:\/\/www.rulieres.com\/wp-content\/uploads\/2026\/03\/randonnee-img_4910_resultat-300x200.webp 300w, https:\/\/www.rulieres.com\/wp-content\/uploads\/2026\/03\/randonnee-img_4910_resultat-1024x683.webp 1024w, https:\/\/www.rulieres.com\/wp-content\/uploads\/2026\/03\/randonnee-img_4910_resultat-768x512.webp 768w, https:\/\/www.rulieres.com\/wp-content\/uploads\/2026\/03\/randonnee-img_4910_resultat-1536x1024.webp 1536w, https:\/\/www.rulieres.com\/wp-content\/uploads\/2026\/03\/randonnee-img_4910_resultat-2048x1365.webp 2048w, https:\/\/www.rulieres.com\/wp-content\/uploads\/2026\/03\/randonnee-img_4910_resultat-18x12.webp 18w, https:\/\/www.rulieres.com\/wp-content\/uploads\/2026\/03\/randonnee-img_4910_resultat-500x333.webp 500w, https:\/\/www.rulieres.com\/wp-content\/uploads\/2026\/03\/randonnee-img_4910_resultat-800x533.webp 800w, https:\/\/www.rulieres.com\/wp-content\/uploads\/2026\/03\/randonnee-img_4910_resultat-1280x853.webp 1280w\" data-vp-popup-img-size=\"1920x1280\" data-vp-popup-md-img=\"https:\/\/www.rulieres.com\/wp-content\/uploads\/2026\/03\/randonnee-img_4910_resultat-800x533.webp\" data-vp-popup-md-img-size=\"800x533\" data-vp-popup-sm-img=\"https:\/\/www.rulieres.com\/wp-content\/uploads\/2026\/03\/randonnee-img_4910_resultat-500x333.webp\" data-vp-popup-sm-img-size=\"500x333\">\n\t<\/template>\n\t\t\t\t\t\t<figure class=\"vp-portfolio__item\">\n\t\t\t\t\n<div class=\"vp-portfolio__item-img-wrap\">\n\t<div class=\"vp-portfolio__item-img\">\n\t\t\t<a\n\t\thref=\"https:\/\/www.rulieres.com\/wp-content\/uploads\/2026\/03\/randonnee-img_4910_resultat-1920x1280.webp\"\n\t\taria-label=\"Open image\" \t>\n\t\n\t\t<noscript><img loading=\"lazy\" decoding=\"async\" width=\"1280\" height=\"853\" data-skip-lazy src=\"https:\/\/www.rulieres.com\/wp-content\/uploads\/2026\/03\/randonnee-img_4910_resultat-1280x853.webp\" class=\"wp-image-3404\" alt=\"hike img 4910 result\" srcset=\"https:\/\/www.rulieres.com\/wp-content\/uploads\/2026\/03\/randonnee-img_4910_resultat-1280x853.webp 1280w, https:\/\/www.rulieres.com\/wp-content\/uploads\/2026\/03\/randonnee-img_4910_resultat-300x200.webp 300w, https:\/\/www.rulieres.com\/wp-content\/uploads\/2026\/03\/randonnee-img_4910_resultat-1024x683.webp 1024w, https:\/\/www.rulieres.com\/wp-content\/uploads\/2026\/03\/randonnee-img_4910_resultat-768x512.webp 768w, https:\/\/www.rulieres.com\/wp-content\/uploads\/2026\/03\/randonnee-img_4910_resultat-1536x1024.webp 1536w, https:\/\/www.rulieres.com\/wp-content\/uploads\/2026\/03\/randonnee-img_4910_resultat-2048x1365.webp 2048w, https:\/\/www.rulieres.com\/wp-content\/uploads\/2026\/03\/randonnee-img_4910_resultat-18x12.webp 18w, https:\/\/www.rulieres.com\/wp-content\/uploads\/2026\/03\/randonnee-img_4910_resultat-500x333.webp 500w, https:\/\/www.rulieres.com\/wp-content\/uploads\/2026\/03\/randonnee-img_4910_resultat-800x533.webp 800w, https:\/\/www.rulieres.com\/wp-content\/uploads\/2026\/03\/randonnee-img_4910_resultat-1920x1280.webp 1920w\" sizes=\"auto, (max-width: 1280px) 100vw, 1280px\" \/><\/noscript><img decoding=\"async\" width=\"1280\" height=\"853\" src=\"https:\/\/www.rulieres.com\/wp-content\/uploads\/2026\/03\/randonnee-img_4910_resultat-1280x853.webp\" class=\"wp-image-3404 vp-lazyload\" alt=\"hike img 4910 result\" srcset=\"data:image\/svg+xml;base64,PHN2ZyB3aWR0aD0iMTI4MCIgaGVpZ2h0PSI4NTMiIHZpZXdCb3g9IjAgMCAxMjgwIDg1MyIgZmlsbD0ibm9uZSIgeG1sbnM9Imh0dHA6Ly93d3cudzMub3JnLzIwMDAvc3ZnIj48L3N2Zz4=\" data-src=\"https:\/\/www.rulieres.com\/wp-content\/uploads\/2026\/03\/randonnee-img_4910_resultat-1280x853.webp\" data-srcset=\"https:\/\/www.rulieres.com\/wp-content\/uploads\/2026\/03\/randonnee-img_4910_resultat-1280x853.webp 1280w, https:\/\/www.rulieres.com\/wp-content\/uploads\/2026\/03\/randonnee-img_4910_resultat-300x200.webp 300w, https:\/\/www.rulieres.com\/wp-content\/uploads\/2026\/03\/randonnee-img_4910_resultat-1024x683.webp 1024w, https:\/\/www.rulieres.com\/wp-content\/uploads\/2026\/03\/randonnee-img_4910_resultat-768x512.webp 768w, https:\/\/www.rulieres.com\/wp-content\/uploads\/2026\/03\/randonnee-img_4910_resultat-1536x1024.webp 1536w, https:\/\/www.rulieres.com\/wp-content\/uploads\/2026\/03\/randonnee-img_4910_resultat-2048x1365.webp 2048w, https:\/\/www.rulieres.com\/wp-content\/uploads\/2026\/03\/randonnee-img_4910_resultat-18x12.webp 18w, https:\/\/www.rulieres.com\/wp-content\/uploads\/2026\/03\/randonnee-img_4910_resultat-500x333.webp 500w, https:\/\/www.rulieres.com\/wp-content\/uploads\/2026\/03\/randonnee-img_4910_resultat-800x533.webp 800w, https:\/\/www.rulieres.com\/wp-content\/uploads\/2026\/03\/randonnee-img_4910_resultat-1920x1280.webp 1920w\" data-sizes=\"auto\" loading=\"eager\">\n\t\t<div class=\"vp-portfolio__item-overlay\">\n\t\t\t\t\t<\/div>\n\n\t\t<\/a>\t<\/div>\n<\/div>\n\n\t\t\t<\/figure>\n\t\t\t\t\t<\/div>\n\t\t\n\t\t<div\t\tclass=\"vp-portfolio__item-wrap vp-portfolio__item-uid-62468cde\" data-vp-filter=\"\" \t\t>\n\t\t\t<template class=\"vp-portfolio__item-popup\" style=\"display: none\" data-vp-popup-img=\"https:\/\/www.rulieres.com\/wp-content\/uploads\/2026\/03\/velo-vendee-pistes-cyclables-img_8243_resultat-1920x1280.webp\" data-vp-popup-img-srcset=\"https:\/\/www.rulieres.com\/wp-content\/uploads\/2026\/03\/velo-vendee-pistes-cyclables-img_8243_resultat-1920x1280.webp 1920w, https:\/\/www.rulieres.com\/wp-content\/uploads\/2026\/03\/velo-vendee-pistes-cyclables-img_8243_resultat-300x200.webp 300w, https:\/\/www.rulieres.com\/wp-content\/uploads\/2026\/03\/velo-vendee-pistes-cyclables-img_8243_resultat-1024x683.webp 1024w, https:\/\/www.rulieres.com\/wp-content\/uploads\/2026\/03\/velo-vendee-pistes-cyclables-img_8243_resultat-768x512.webp 768w, https:\/\/www.rulieres.com\/wp-content\/uploads\/2026\/03\/velo-vendee-pistes-cyclables-img_8243_resultat-1536x1024.webp 1536w, https:\/\/www.rulieres.com\/wp-content\/uploads\/2026\/03\/velo-vendee-pistes-cyclables-img_8243_resultat-2048x1365.webp 2048w, https:\/\/www.rulieres.com\/wp-content\/uploads\/2026\/03\/velo-vendee-pistes-cyclables-img_8243_resultat-18x12.webp 18w, https:\/\/www.rulieres.com\/wp-content\/uploads\/2026\/03\/velo-vendee-pistes-cyclables-img_8243_resultat-500x333.webp 500w, https:\/\/www.rulieres.com\/wp-content\/uploads\/2026\/03\/velo-vendee-pistes-cyclables-img_8243_resultat-800x533.webp 800w, https:\/\/www.rulieres.com\/wp-content\/uploads\/2026\/03\/velo-vendee-pistes-cyclables-img_8243_resultat-1280x853.webp 1280w\" data-vp-popup-img-size=\"1920x1280\" data-vp-popup-md-img=\"https:\/\/www.rulieres.com\/wp-content\/uploads\/2026\/03\/velo-vendee-pistes-cyclables-img_8243_resultat-800x533.webp\" data-vp-popup-md-img-size=\"800x533\" data-vp-popup-sm-img=\"https:\/\/www.rulieres.com\/wp-content\/uploads\/2026\/03\/velo-vendee-pistes-cyclables-img_8243_resultat-500x333.webp\" data-vp-popup-sm-img-size=\"500x333\">\n\t<\/template>\n\t\t\t\t\t\t<figure class=\"vp-portfolio__item\">\n\t\t\t\t\n<div class=\"vp-portfolio__item-img-wrap\">\n\t<div class=\"vp-portfolio__item-img\">\n\t\t\t<a\n\t\thref=\"https:\/\/www.rulieres.com\/wp-content\/uploads\/2026\/03\/velo-vendee-pistes-cyclables-img_8243_resultat-1920x1280.webp\"\n\t\taria-label=\"Open image\" \t>\n\t\n\t\t<noscript><img loading=\"lazy\" decoding=\"async\" width=\"1280\" height=\"853\" data-skip-lazy src=\"https:\/\/www.rulieres.com\/wp-content\/uploads\/2026\/03\/velo-vendee-pistes-cyclables-img_8243_resultat-1280x853.webp\" class=\"wp-image-3403\" alt=\"velo vendee cycle paths img 8243 result\" srcset=\"https:\/\/www.rulieres.com\/wp-content\/uploads\/2026\/03\/velo-vendee-pistes-cyclables-img_8243_resultat-1280x853.webp 1280w, https:\/\/www.rulieres.com\/wp-content\/uploads\/2026\/03\/velo-vendee-pistes-cyclables-img_8243_resultat-300x200.webp 300w, https:\/\/www.rulieres.com\/wp-content\/uploads\/2026\/03\/velo-vendee-pistes-cyclables-img_8243_resultat-1024x683.webp 1024w, https:\/\/www.rulieres.com\/wp-content\/uploads\/2026\/03\/velo-vendee-pistes-cyclables-img_8243_resultat-768x512.webp 768w, https:\/\/www.rulieres.com\/wp-content\/uploads\/2026\/03\/velo-vendee-pistes-cyclables-img_8243_resultat-1536x1024.webp 1536w, https:\/\/www.rulieres.com\/wp-content\/uploads\/2026\/03\/velo-vendee-pistes-cyclables-img_8243_resultat-2048x1365.webp 2048w, https:\/\/www.rulieres.com\/wp-content\/uploads\/2026\/03\/velo-vendee-pistes-cyclables-img_8243_resultat-18x12.webp 18w, https:\/\/www.rulieres.com\/wp-content\/uploads\/2026\/03\/velo-vendee-pistes-cyclables-img_8243_resultat-500x333.webp 500w, https:\/\/www.rulieres.com\/wp-content\/uploads\/2026\/03\/velo-vendee-pistes-cyclables-img_8243_resultat-800x533.webp 800w, https:\/\/www.rulieres.com\/wp-content\/uploads\/2026\/03\/velo-vendee-pistes-cyclables-img_8243_resultat-1920x1280.webp 1920w\" sizes=\"auto, (max-width: 1280px) 100vw, 1280px\" \/><\/noscript><img decoding=\"async\" width=\"1280\" height=\"853\" src=\"https:\/\/www.rulieres.com\/wp-content\/uploads\/2026\/03\/velo-vendee-pistes-cyclables-img_8243_resultat-1280x853.webp\" class=\"wp-image-3403 vp-lazyload\" alt=\"velo vendee cycle paths img 8243 result\" srcset=\"data:image\/svg+xml;base64,PHN2ZyB3aWR0aD0iMTI4MCIgaGVpZ2h0PSI4NTMiIHZpZXdCb3g9IjAgMCAxMjgwIDg1MyIgZmlsbD0ibm9uZSIgeG1sbnM9Imh0dHA6Ly93d3cudzMub3JnLzIwMDAvc3ZnIj48L3N2Zz4=\" data-src=\"https:\/\/www.rulieres.com\/wp-content\/uploads\/2026\/03\/velo-vendee-pistes-cyclables-img_8243_resultat-1280x853.webp\" data-srcset=\"https:\/\/www.rulieres.com\/wp-content\/uploads\/2026\/03\/velo-vendee-pistes-cyclables-img_8243_resultat-1280x853.webp 1280w, https:\/\/www.rulieres.com\/wp-content\/uploads\/2026\/03\/velo-vendee-pistes-cyclables-img_8243_resultat-300x200.webp 300w, https:\/\/www.rulieres.com\/wp-content\/uploads\/2026\/03\/velo-vendee-pistes-cyclables-img_8243_resultat-1024x683.webp 1024w, https:\/\/www.rulieres.com\/wp-content\/uploads\/2026\/03\/velo-vendee-pistes-cyclables-img_8243_resultat-768x512.webp 768w, https:\/\/www.rulieres.com\/wp-content\/uploads\/2026\/03\/velo-vendee-pistes-cyclables-img_8243_resultat-1536x1024.webp 1536w, https:\/\/www.rulieres.com\/wp-content\/uploads\/2026\/03\/velo-vendee-pistes-cyclables-img_8243_resultat-2048x1365.webp 2048w, https:\/\/www.rulieres.com\/wp-content\/uploads\/2026\/03\/velo-vendee-pistes-cyclables-img_8243_resultat-18x12.webp 18w, https:\/\/www.rulieres.com\/wp-content\/uploads\/2026\/03\/velo-vendee-pistes-cyclables-img_8243_resultat-500x333.webp 500w, https:\/\/www.rulieres.com\/wp-content\/uploads\/2026\/03\/velo-vendee-pistes-cyclables-img_8243_resultat-800x533.webp 800w, https:\/\/www.rulieres.com\/wp-content\/uploads\/2026\/03\/velo-vendee-pistes-cyclables-img_8243_resultat-1920x1280.webp 1920w\" data-sizes=\"auto\" loading=\"eager\">\n\t\t<div class=\"vp-portfolio__item-overlay\">\n\t\t\t\t\t<\/div>\n\n\t\t<\/a>\t<\/div>\n<\/div>\n\n\t\t\t<\/figure>\n\t\t\t\t\t<\/div>\n\t\t\n\t\t<div\t\tclass=\"vp-portfolio__item-wrap vp-portfolio__item-uid-8cc6ccbb\" data-vp-filter=\"\" \t\t>\n\t\t\t<template class=\"vp-portfolio__item-popup\" style=\"display: none\" data-vp-popup-img=\"https:\/\/www.rulieres.com\/wp-content\/uploads\/2026\/03\/velo-vendee-pistes-cyclables-img_8321_resultat.webp\" data-vp-popup-img-srcset=\"https:\/\/www.rulieres.com\/wp-content\/uploads\/2026\/03\/velo-vendee-pistes-cyclables-img_8321_resultat.webp 1500w, https:\/\/www.rulieres.com\/wp-content\/uploads\/2026\/03\/velo-vendee-pistes-cyclables-img_8321_resultat-300x200.webp 300w, https:\/\/www.rulieres.com\/wp-content\/uploads\/2026\/03\/velo-vendee-pistes-cyclables-img_8321_resultat-1024x683.webp 1024w, https:\/\/www.rulieres.com\/wp-content\/uploads\/2026\/03\/velo-vendee-pistes-cyclables-img_8321_resultat-768x512.webp 768w, https:\/\/www.rulieres.com\/wp-content\/uploads\/2026\/03\/velo-vendee-pistes-cyclables-img_8321_resultat-18x12.webp 18w, https:\/\/www.rulieres.com\/wp-content\/uploads\/2026\/03\/velo-vendee-pistes-cyclables-img_8321_resultat-500x333.webp 500w, https:\/\/www.rulieres.com\/wp-content\/uploads\/2026\/03\/velo-vendee-pistes-cyclables-img_8321_resultat-800x533.webp 800w, https:\/\/www.rulieres.com\/wp-content\/uploads\/2026\/03\/velo-vendee-pistes-cyclables-img_8321_resultat-1280x853.webp 1280w\" data-vp-popup-img-size=\"1500x1000\" data-vp-popup-md-img=\"https:\/\/www.rulieres.com\/wp-content\/uploads\/2026\/03\/velo-vendee-pistes-cyclables-img_8321_resultat-800x533.webp\" data-vp-popup-md-img-size=\"800x533\" data-vp-popup-sm-img=\"https:\/\/www.rulieres.com\/wp-content\/uploads\/2026\/03\/velo-vendee-pistes-cyclables-img_8321_resultat-500x333.webp\" data-vp-popup-sm-img-size=\"500x333\">\n\t<\/template>\n\t\t\t\t\t\t<figure class=\"vp-portfolio__item\">\n\t\t\t\t\n<div class=\"vp-portfolio__item-img-wrap\">\n\t<div class=\"vp-portfolio__item-img\">\n\t\t\t<a\n\t\thref=\"https:\/\/www.rulieres.com\/wp-content\/uploads\/2026\/03\/velo-vendee-pistes-cyclables-img_8321_resultat.webp\"\n\t\taria-label=\"Open image\" \t>\n\t\n\t\t<noscript><img loading=\"lazy\" decoding=\"async\" width=\"1280\" height=\"853\" data-skip-lazy src=\"https:\/\/www.rulieres.com\/wp-content\/uploads\/2026\/03\/velo-vendee-pistes-cyclables-img_8321_resultat-1280x853.webp\" class=\"wp-image-3397\" alt=\"velo vendee cycle paths img 8321 result\" srcset=\"https:\/\/www.rulieres.com\/wp-content\/uploads\/2026\/03\/velo-vendee-pistes-cyclables-img_8321_resultat-1280x853.webp 1280w, https:\/\/www.rulieres.com\/wp-content\/uploads\/2026\/03\/velo-vendee-pistes-cyclables-img_8321_resultat-300x200.webp 300w, https:\/\/www.rulieres.com\/wp-content\/uploads\/2026\/03\/velo-vendee-pistes-cyclables-img_8321_resultat-1024x683.webp 1024w, https:\/\/www.rulieres.com\/wp-content\/uploads\/2026\/03\/velo-vendee-pistes-cyclables-img_8321_resultat-768x512.webp 768w, https:\/\/www.rulieres.com\/wp-content\/uploads\/2026\/03\/velo-vendee-pistes-cyclables-img_8321_resultat-18x12.webp 18w, https:\/\/www.rulieres.com\/wp-content\/uploads\/2026\/03\/velo-vendee-pistes-cyclables-img_8321_resultat-500x333.webp 500w, https:\/\/www.rulieres.com\/wp-content\/uploads\/2026\/03\/velo-vendee-pistes-cyclables-img_8321_resultat-800x533.webp 800w, https:\/\/www.rulieres.com\/wp-content\/uploads\/2026\/03\/velo-vendee-pistes-cyclables-img_8321_resultat.webp 1500w\" sizes=\"auto, (max-width: 1280px) 100vw, 1280px\" \/><\/noscript><img decoding=\"async\" width=\"1280\" height=\"853\" src=\"https:\/\/www.rulieres.com\/wp-content\/uploads\/2026\/03\/velo-vendee-pistes-cyclables-img_8321_resultat-1280x853.webp\" class=\"wp-image-3397 vp-lazyload\" alt=\"velo vendee cycle paths img 8321 result\" srcset=\"data:image\/svg+xml;base64,PHN2ZyB3aWR0aD0iMTI4MCIgaGVpZ2h0PSI4NTMiIHZpZXdCb3g9IjAgMCAxMjgwIDg1MyIgZmlsbD0ibm9uZSIgeG1sbnM9Imh0dHA6Ly93d3cudzMub3JnLzIwMDAvc3ZnIj48L3N2Zz4=\" data-src=\"https:\/\/www.rulieres.com\/wp-content\/uploads\/2026\/03\/velo-vendee-pistes-cyclables-img_8321_resultat-1280x853.webp\" data-srcset=\"https:\/\/www.rulieres.com\/wp-content\/uploads\/2026\/03\/velo-vendee-pistes-cyclables-img_8321_resultat-1280x853.webp 1280w, https:\/\/www.rulieres.com\/wp-content\/uploads\/2026\/03\/velo-vendee-pistes-cyclables-img_8321_resultat-300x200.webp 300w, https:\/\/www.rulieres.com\/wp-content\/uploads\/2026\/03\/velo-vendee-pistes-cyclables-img_8321_resultat-1024x683.webp 1024w, https:\/\/www.rulieres.com\/wp-content\/uploads\/2026\/03\/velo-vendee-pistes-cyclables-img_8321_resultat-768x512.webp 768w, https:\/\/www.rulieres.com\/wp-content\/uploads\/2026\/03\/velo-vendee-pistes-cyclables-img_8321_resultat-18x12.webp 18w, https:\/\/www.rulieres.com\/wp-content\/uploads\/2026\/03\/velo-vendee-pistes-cyclables-img_8321_resultat-500x333.webp 500w, https:\/\/www.rulieres.com\/wp-content\/uploads\/2026\/03\/velo-vendee-pistes-cyclables-img_8321_resultat-800x533.webp 800w, https:\/\/www.rulieres.com\/wp-content\/uploads\/2026\/03\/velo-vendee-pistes-cyclables-img_8321_resultat.webp 1500w\" data-sizes=\"auto\" loading=\"eager\">\n\t\t<div class=\"vp-portfolio__item-overlay\">\n\t\t\t\t\t<\/div>\n\n\t\t<\/a>\t<\/div>\n<\/div>\n\n\t\t\t<\/figure>\n\t\t\t\t\t<\/div>\n\t\t\n<\/div>\n\t\t<\/div>\n\t\t\n<\/div>\n<\/div>\n\n\n<div class=\"wp-block-stackable-spacer stk-block-spacer stk--no-padding stk-block stk-d9fb2bc\" data-block-id=\"d9fb2bc\"><\/div>","protected":false},"excerpt":{"rendered":"<p>Le Camping Les Ruli\u00e8res est le point d&rsquo;ancrage id\u00e9al pour les amoureux de l&rsquo;itin\u00e9rance douce. Que vous soyez randonneur chevronn\u00e9 ou cycliste amateur, notre r\u00e9gion offre une incroyable diversit\u00e9 de paysages, des chemins creux du bocage aux digues du Marais Poitevin, en passant par les pistes foresti\u00e8res du littoral. \u00c0 V\u00e9lo : Des Kilom\u00e8tres de [&hellip;]<\/p>\n","protected":false},"author":2,"featured_media":2828,"parent":0,"menu_order":0,"comment_status":"closed","ping_status":"closed","template":"","meta":{"_acf_changed":false,"_seopress_robots_primary_cat":"","_seopress_titles_title":"Randonn\u00e9es et Pistes Cyclables en Sud Vend\u00e9e","_seopress_titles_desc":"Explorez la Vend\u00e9e \u00e0 pied ou \u00e0 v\u00e9lo depuis le Camping Les Ruli\u00e8res. D\u00e9couvrez les meilleurs circuits entre bocage, Marais Poitevin et littoral.","_seopress_robots_index":"","_vp_format_video_url":"","_vp_image_focal_point":[],"footnotes":""},"class_list":["post-2973","page","type-page","status-publish","has-post-thumbnail","hentry"],"acf":[],"_links":{"self":[{"href":"https:\/\/www.rulieres.com\/en\/wp-json\/wp\/v2\/pages\/2973","targetHints":{"allow":["GET"]}}],"collection":[{"href":"https:\/\/www.rulieres.com\/en\/wp-json\/wp\/v2\/pages"}],"about":[{"href":"https:\/\/www.rulieres.com\/en\/wp-json\/wp\/v2\/types\/page"}],"author":[{"embeddable":true,"href":"https:\/\/www.rulieres.com\/en\/wp-json\/wp\/v2\/users\/2"}],"replies":[{"embeddable":true,"href":"https:\/\/www.rulieres.com\/en\/wp-json\/wp\/v2\/comments?post=2973"}],"version-history":[{"count":4,"href":"https:\/\/www.rulieres.com\/en\/wp-json\/wp\/v2\/pages\/2973\/revisions"}],"predecessor-version":[{"id":3460,"href":"https:\/\/www.rulieres.com\/en\/wp-json\/wp\/v2\/pages\/2973\/revisions\/3460"}],"wp:featuredmedia":[{"embeddable":true,"href":"https:\/\/www.rulieres.com\/en\/wp-json\/wp\/v2\/media\/2828"}],"wp:attachment":[{"href":"https:\/\/www.rulieres.com\/en\/wp-json\/wp\/v2\/media?parent=2973"}],"curies":[{"name":"wp","href":"https:\/\/api.w.org\/{rel}","templated":true}]}}